{"id":3168,"date":"2024-02-06T08:52:56","date_gmt":"2024-02-06T08:52:56","guid":{"rendered":"https:\/\/dev.joven-esperanza.de\/?page_id=3168"},"modified":"2025-04-28T17:46:49","modified_gmt":"2025-04-28T17:46:49","slug":"vorstellung","status":"publish","type":"page","link":"https:\/\/joven-esperanza.de\/es\/ueber-uns\/vorstellung\/","title":{"rendered":"Presentaci\u00f3n"},"content":{"rendered":"<div class=\"wp-block-uagb-container uagb-block-8f2d7810 alignfull uagb-is-root-container\"><div class=\"uagb-container-inner-blocks-wrap\">\n<div class=\"wp-block-uagb-advanced-heading uagb-block-1cd2d14f\"><h1 class=\"uagb-heading-text translation-block\">Un equipo fuerte <br>- con visi\u00f3n<\/h1><\/div>\n\n\n\n<p>La organizaci\u00f3n ben\u00e9fica alemana Joven Esperanza e.V. apoya a la fundaci\u00f3n local \"Crece y Sue\u00f1a\" en Camiri (Bolivia) para promover la educaci\u00f3n, la formaci\u00f3n y el bienestar de los j\u00f3venes. Como organizaci\u00f3n sin \u00e1nimo de lucro, Joven Esperanza e.V. apoya el proyecto tanto ideal como financieramente para alcanzar sus objetivos. La Fundaci\u00f3n Crece y Sue\u00f1a se concibe a s\u00ed misma como un programa de educaci\u00f3n y atenci\u00f3n social inclusiva para ni\u00f1os y j\u00f3venes de familias con bajos ingresos. Para los ni\u00f1os del proyecto, la pobreza se manifiesta en un acceso limitado a la educaci\u00f3n y una fr\u00e1gil seguridad alimentaria. La Fundaci\u00f3n Crece y Sue\u00f1a, en colaboraci\u00f3n con Joven Esperanza, aborda esta espiral de pobreza y hambre.<\/p>\n<\/div><\/div>\n\n\n\n<div class=\"wp-block-uagb-container uagb-block-62aa1a7f alignfull uagb-is-root-container\"><div class=\"uagb-container-inner-blocks-wrap\">\n<div class=\"wp-block-uagb-container uagb-block-0b25249a\">\n<div class=\"wp-block-uagb-advanced-heading uagb-block-e31c9090\"><h2 class=\"uagb-heading-text translation-block\">Promover oportunidades, perspectivas y alegr\u00eda<br>para los ni\u00f1os y j\u00f3venes de Bolivia<br>mediante el intercambio intercultural<br>y la ayuda directa.<\/h2><\/div>\n<\/div>\n<\/div><\/div>\n\n\n\n<div class=\"wp-block-uagb-container uagb-block-14492f90 alignfull uagb-is-root-container\"><div class=\"uagb-container-inner-blocks-wrap\">\n<div class=\"wp-block-uagb-info-box uagb-block-1e921004 uagb-infobox__content-wrap  uagb-infobox-icon-above-title uagb-infobox-image-valign-top\"><div class=\"uagb-ifb-content\"><div class=\"uagb-ifb-title-wrap\"><span class=\"uagb-ifb-title-prefix\">Lo que (queremos) conseguir<\/span><h2 class=\"uagb-ifb-title\">Nuestra misi\u00f3n<\/h2><\/div><p class=\"uagb-ifb-desc\">Nuestro enfoque hol\u00edstico consiste en facilitar el futuro a los ni\u00f1os del proyecto mediante la provisi\u00f3n de educaci\u00f3n, comida y guarder\u00eda, y apoyarles para que alcancen sus objetivos. Una vez garantizada la nutrici\u00f3n b\u00e1sica y al alcance de la mano el certificado de escolaridad a trav\u00e9s del programa educativo, no s\u00f3lo se mejora la igualdad de oportunidades para los grupos m\u00e1s vulnerables, sino que tambi\u00e9n se crea un entorno que permite promover un desarrollo saludable. En \u00faltima instancia, los ni\u00f1os del proyecto deben tener la oportunidad de ser simplemente ni\u00f1os y olvidar las preocupaciones y temores, a menudo frecuentes, sobre la alimentaci\u00f3n, la pobreza y las oportunidades futuras.<\/p><\/div><\/div>\n<\/div><\/div>\n\n\n\n<div class=\"wp-block-uagb-container uagb-block-9aafbad2 alignfull uagb-is-root-container\"><div class=\"uagb-container-inner-blocks-wrap\">\n<div class=\"wp-block-uagb-tabs uagb-block-7a5e5a3e uagb-tabs__wrap uagb-tabs__hstyle4-desktop uagb-tabs__hstyle4-tablet uagb-tabs__stack1-mobile\" data-tab-active=\"0\"><ul class=\"uagb-tabs__panel uagb-tabs__align-center\" role=\"tablist\"><li class=\"uagb-tab uagb-tabs__active\" role=\"none\"><a href=\"#uagb-tabs__tab0\" class=\"uagb-tabs-list uagb-tabs__icon-position-left\" data-tab=\"0\" role=\"tab\"><div>Educaci\u00f3n<\/div><\/a><\/li><li class=\"uagb-tab\" role=\"none\"><a href=\"#uagb-tabs__tab1\" class=\"uagb-tabs-list uagb-tabs__icon-position-left\" data-tab=\"1\" role=\"tab\"><div>Alimentaci\u00f3n<\/div><\/a><\/li><li class=\"uagb-tab\" role=\"none\"><a href=\"#uagb-tabs__tab2\" class=\"uagb-tabs-list uagb-tabs__icon-position-left\" data-tab=\"2\" role=\"tab\"><div>Salud<\/div><\/a><\/li><li class=\"uagb-tab\" role=\"none\"><a href=\"#uagb-tabs__tab3\" class=\"uagb-tabs-list uagb-tabs__icon-position-left\" data-tab=\"3\" role=\"tab\"><div>Comunidad<\/div><\/a><\/li><li class=\"uagb-tab\" role=\"none\"><a href=\"#uagb-tabs__tab4\" class=\"uagb-tabs-list uagb-tabs__icon-position-left\" data-tab=\"4\" role=\"tab\"><div>Actividades<\/div><\/a><\/li><\/ul><div class=\"uagb-tabs__body-wrap\">\n<div class=\"wp-block-uagb-tabs-child uagb-tabs__body-container uagb-inner-tab-0\" aria-labelledby=\"uagb-tabs__tab0\">\n<div class=\"wp-block-uagb-container uagb-block-5f217b67 alignfull uagb-is-root-container\"><div class=\"uagb-container-inner-blocks-wrap\">\n<div class=\"wp-block-uagb-container uagb-block-53a71655\">\n<div class=\"wp-block-uagb-advanced-heading uagb-block-0a97e694\"><h4 class=\"uagb-heading-text\">Educaci\u00f3n<\/h4><p class=\"uagb-desc-text\">La principal tarea del proyecto es apoyar a los ni\u00f1os en su trayectoria educativa. Muchos ni\u00f1os tienen padres con un bajo nivel educativo que pueden tener ellos mismos conocimientos limitados de lectura y escritura. En el proyecto, reciben ayuda con los deberes de cuidadores formados y tambi\u00e9n se les anima y apoya en sus intereses personales. Esto aumenta sus posibilidades de terminar con \u00e9xito los estudios y encontrar m\u00e1s tarde un trabajo mejor. Al mismo tiempo, queremos utilizar este enfoque para contrarrestar la desigualdad de oportunidades derivada de la pobreza.<\/p><\/div>\n<\/div>\n\n\n\n<div class=\"wp-block-uagb-container uagb-block-76179196\">\n<div class=\"wp-block-uagb-image uagb-block-0e39ba52 wp-block-uagb-image--layout-default wp-block-uagb-image--effect-static wp-block-uagb-image--align-none\"><figure class=\"wp-block-uagb-image__figure\"><img decoding=\"async\" srcset=\"https:\/\/joven-esperanza.de\/wp-content\/uploads\/2024\/02\/bildung-1024x768.jpg ,https:\/\/joven-esperanza.de\/wp-content\/uploads\/2024\/02\/bildung-scaled.jpg 780w, https:\/\/joven-esperanza.de\/wp-content\/uploads\/2024\/02\/bildung-scaled.jpg 360w\" sizes=\"auto, (max-width: 480px) 150px\" src=\"https:\/\/joven-esperanza.de\/wp-content\/uploads\/2024\/02\/bildung-1024x768.jpg\" alt=\"\" class=\"uag-image-3492\" width=\"1024\" height=\"768\" title=\"bildung\" loading=\"lazy\" role=\"img\"\/><\/figure><\/div>\n<\/div>\n<\/div><\/div>\n<\/div>\n\n\n\n<div class=\"wp-block-uagb-tabs-child uagb-tabs__body-container uagb-inner-tab-1\" aria-labelledby=\"uagb-tabs__tab1\">\n<div class=\"wp-block-uagb-container uagb-block-cdceb102 alignfull uagb-is-root-container\"><div class=\"uagb-container-inner-blocks-wrap\">\n<div class=\"wp-block-uagb-container uagb-block-3f79fad5\">\n<div class=\"wp-block-uagb-advanced-heading uagb-block-1b288265\"><h4 class=\"uagb-heading-text\">Alimentaci\u00f3n<\/h4><p class=\"uagb-desc-text\">Muchos ni\u00f1os vuelven al proyecto desnutridos tras las largas vacaciones de verano, entre noviembre y febrero. Durante las vacaciones, los ni\u00f1os no pueden participar en la distribuci\u00f3n de alimentos del proyecto y los recursos econ\u00f3micos de las familias, a menudo insuficientes, no siempre pueden garantizar una nutrici\u00f3n adecuada para los ni\u00f1os. Al principio del curso escolar, se determina el IMC de los ni\u00f1os para ofrecer a los ni\u00f1os con desnutrici\u00f3n o subdesarrollo una dieta adaptada. En el proyecto, todos los ni\u00f1os matriculados reciben un almuerzo caliente y un tentempi\u00e9 todos los d\u00edas lectivos para contribuir a una alimentaci\u00f3n equilibrada de los ni\u00f1os.<\/p><\/div>\n<\/div>\n\n\n\n<div class=\"wp-block-uagb-container uagb-block-fb63c150\">\n<div class=\"wp-block-uagb-image uagb-block-1753400c wp-block-uagb-image--layout-default wp-block-uagb-image--effect-static wp-block-uagb-image--align-none\"><figure class=\"wp-block-uagb-image__figure\"><img decoding=\"async\" srcset=\"https:\/\/joven-esperanza.de\/wp-content\/uploads\/2024\/02\/ernaehrung-1024x683.jpg ,https:\/\/joven-esperanza.de\/wp-content\/uploads\/2024\/02\/ernaehrung-scaled.jpg 780w, https:\/\/joven-esperanza.de\/wp-content\/uploads\/2024\/02\/ernaehrung-scaled.jpg 360w\" sizes=\"auto, (max-width: 480px) 150px\" src=\"https:\/\/joven-esperanza.de\/wp-content\/uploads\/2024\/02\/ernaehrung-1024x683.jpg\" alt=\"\" class=\"uag-image-3493\" width=\"1024\" height=\"683\" title=\"ernaehrung\" loading=\"lazy\" role=\"img\"\/><\/figure><\/div>\n<\/div>\n<\/div><\/div>\n<\/div>\n\n\n\n<div class=\"wp-block-uagb-tabs-child uagb-tabs__body-container uagb-inner-tab-2\" aria-labelledby=\"uagb-tabs__tab2\">\n<div class=\"wp-block-uagb-container uagb-block-a36d60ab alignfull uagb-is-root-container\"><div class=\"uagb-container-inner-blocks-wrap\">\n<div class=\"wp-block-uagb-container uagb-block-83f8f73c\">\n<div class=\"wp-block-uagb-advanced-heading uagb-block-9d151758\"><h4 class=\"uagb-heading-text\">Salud<\/h4><p class=\"uagb-desc-text\">Adem\u00e1s de una dieta equilibrada, el equipo de la Fundaci\u00f3n Crece y Sue\u00f1a tambi\u00e9n apoya el desarrollo saludable de los ni\u00f1os de otras maneras. Cada ni\u00f1o tiene su propio cepillo de dientes en el proyecto y cepillarse los dientes juntos despu\u00e9s de comer es una rutina. De vez en cuando, tambi\u00e9n se organizan revisiones dentales directamente en el proyecto. Tambi\u00e9n se ofrecen productos de higiene, medicamentos sin receta y vendas, as\u00ed como productos de higiene femenina, algunos de los cuales siguen siendo tab\u00fa en Bolivia. En casos de emergencia, Joven Esperanza e.V. ya ha cubierto los costes de operaciones importantes para que los afectados puedan recuperarse r\u00e1pidamente.<\/p><\/div>\n<\/div>\n\n\n\n<div class=\"wp-block-uagb-container uagb-block-015dbe72\">\n<div class=\"wp-block-uagb-image uagb-block-040fc196 wp-block-uagb-image--layout-default wp-block-uagb-image--effect-static wp-block-uagb-image--align-none\"><figure class=\"wp-block-uagb-image__figure\"><img decoding=\"async\" srcset=\"https:\/\/joven-esperanza.de\/wp-content\/uploads\/2024\/03\/zaehneputzen-1-1024x768.jpg ,https:\/\/joven-esperanza.de\/wp-content\/uploads\/2024\/03\/zaehneputzen-1-scaled.jpg 780w, https:\/\/joven-esperanza.de\/wp-content\/uploads\/2024\/03\/zaehneputzen-1-scaled.jpg 360w\" sizes=\"auto, (max-width: 480px) 150px\" src=\"https:\/\/joven-esperanza.de\/wp-content\/uploads\/2024\/03\/zaehneputzen-1-1024x768.jpg\" alt=\"\" class=\"uag-image-3827\" width=\"1024\" height=\"768\" title=\"zaehneputzen-1\" loading=\"lazy\" role=\"img\"\/><\/figure><\/div>\n<\/div>\n<\/div><\/div>\n<\/div>\n\n\n\n<div class=\"wp-block-uagb-tabs-child uagb-tabs__body-container uagb-inner-tab-3\" aria-labelledby=\"uagb-tabs__tab3\">\n<div class=\"wp-block-uagb-container uagb-block-cfcd48e6 alignfull uagb-is-root-container\"><div class=\"uagb-container-inner-blocks-wrap\">\n<div class=\"wp-block-uagb-container uagb-block-d58f9bb4\">\n<div class=\"wp-block-uagb-advanced-heading uagb-block-7ee65c44\"><h4 class=\"uagb-heading-text\">Comunidad<\/h4><p class=\"uagb-desc-text\">Pertenecer a un grupo, sentirse seguro y comprendido en \u00e9l, es una parte importante de la base para los ni\u00f1os. El equipo del proyecto se siente responsable de los ni\u00f1os inscritos y les apoya en su desarrollo personal m\u00e1s all\u00e1 del aspecto educativo. Los ni\u00f1os saben que en el proyecto encontrar\u00e1n un o\u00eddo comprensivo si tienen preguntas o problemas.<\/p><\/div>\n<\/div>\n\n\n\n<div class=\"wp-block-uagb-container uagb-block-42eecb4f\">\n<div class=\"wp-block-uagb-image uagb-block-79eeede5 wp-block-uagb-image--layout-default wp-block-uagb-image--effect-static wp-block-uagb-image--align-none\"><figure class=\"wp-block-uagb-image__figure\"><img decoding=\"async\" srcset=\"https:\/\/joven-esperanza.de\/wp-content\/uploads\/2024\/02\/gemeinschaft-1024x768.jpg ,https:\/\/joven-esperanza.de\/wp-content\/uploads\/2024\/02\/gemeinschaft.jpg 780w, https:\/\/joven-esperanza.de\/wp-content\/uploads\/2024\/02\/gemeinschaft.jpg 360w\" sizes=\"auto, (max-width: 480px) 150px\" src=\"https:\/\/joven-esperanza.de\/wp-content\/uploads\/2024\/02\/gemeinschaft-1024x768.jpg\" alt=\"\" class=\"uag-image-3494\" width=\"1024\" height=\"768\" title=\"gemeinschaft\" loading=\"lazy\" role=\"img\"\/><\/figure><\/div>\n<\/div>\n<\/div><\/div>\n<\/div>\n\n\n\n<div class=\"wp-block-uagb-tabs-child uagb-tabs__body-container uagb-inner-tab-4\" aria-labelledby=\"uagb-tabs__tab4\">\n<div class=\"wp-block-uagb-container uagb-block-f618f868 alignfull uagb-is-root-container\"><div class=\"uagb-container-inner-blocks-wrap\">\n<div class=\"wp-block-uagb-container uagb-block-85f5a5cb\">\n<div class=\"wp-block-uagb-advanced-heading uagb-block-061dd358\"><h4 class=\"uagb-heading-text\">Actividades<\/h4><p class=\"uagb-desc-text\">Adem\u00e1s de aprender, los ni\u00f1os y j\u00f3venes tambi\u00e9n se divierten juntos en otras actividades. Hacen deporte, ayudan en la jardiner\u00eda e incluso pueden pasar el rato con un juego de ordenador. El equipo tambi\u00e9n organiza fiestas para ocasiones especiales, como el D\u00eda de la Madre o el D\u00eda del Alumno, que incluyen comidas festivas y peque\u00f1as actuaciones.<\/p><\/div>\n<\/div>\n\n\n\n<div class=\"wp-block-uagb-container uagb-block-ea480782\">\n<div class=\"wp-block-uagb-image uagb-block-18db0fe7 wp-block-uagb-image--layout-default wp-block-uagb-image--effect-static wp-block-uagb-image--align-none\"><figure class=\"wp-block-uagb-image__figure\"><img decoding=\"async\" srcset=\"https:\/\/joven-esperanza.de\/wp-content\/uploads\/2024\/02\/aktivitaeten-1024x683.jpg ,https:\/\/joven-esperanza.de\/wp-content\/uploads\/2024\/02\/aktivitaeten-scaled.jpg 780w, https:\/\/joven-esperanza.de\/wp-content\/uploads\/2024\/02\/aktivitaeten-scaled.jpg 360w\" sizes=\"auto, (max-width: 480px) 150px\" src=\"https:\/\/joven-esperanza.de\/wp-content\/uploads\/2024\/02\/aktivitaeten-1024x683.jpg\" alt=\"\" class=\"uag-image-3491\" width=\"1024\" height=\"683\" title=\"aktivitaeten\" loading=\"lazy\" role=\"img\"\/><\/figure><\/div>\n<\/div>\n<\/div><\/div>\n<\/div>\n<\/div><\/div>\n<\/div><\/div>\n\n\n\n<div class=\"wp-block-uagb-container uagb-block-c79cef81 alignfull uagb-is-root-container\"><div class=\"uagb-container-inner-blocks-wrap\">\n<div class=\"wp-block-uagb-container uagb-block-4fe50525\">\n<div class=\"wp-block-uagb-advanced-heading uagb-block-e17e2143\"><h2 class=\"uagb-heading-text\">C\u00f3mo empez\u00f3 todo...<\/h2><\/div>\n<\/div>\n\n\n\n<div class=\"wp-block-uagb-container uagb-block-b5ffc537\">\n<p>Somos antiguos voluntarios que conocimos y apoyamos el proyecto como parte de nuestra experiencia en el extranjero. Nos impresion\u00f3 el trato cari\u00f1oso a los ni\u00f1os y el compromiso del personal boliviano.<\/p>\n\n\n\n<p>A finales de 2011 fundamos la asociaci\u00f3n de apoyo Joven Esperanza e.V. y desde entonces proporcionamos la base financiera del proyecto. Nuestra financiaci\u00f3n procede de donativos y, sobre todo, de las cuotas de los socios. Nos comunicamos regularmente con el personal de la fundaci\u00f3n \"Crece y Sue\u00f1a\" y mantenemos un animado intercambio de ideas. Concedemos gran importancia a este tipo de cooperaci\u00f3n basada en la asociaci\u00f3n.<\/p>\n\n\n\n<p>Tambi\u00e9n es importante para nosotros llegar a muchas personas en Alemania. Informamos regularmente a socios, donantes e interesados sobre las condiciones de vida en Bolivia y la evoluci\u00f3n del proyecto.<\/p>\n<\/div>\n<\/div><\/div>\n\n\n\n<div class=\"wp-block-uagb-container uagb-block-0d336772 alignfull uagb-is-root-container\"><div class=\"uagb-container-inner-blocks-wrap\">\n<div class=\"wp-block-uagb-info-box uagb-block-80a50822 uagb-infobox__content-wrap  uagb-infobox-icon-above-title uagb-infobox-image-valign-top wp-block-uagb-info-box--has-margin\"><div class=\"uagb-infobox-margin-wrapper\"><div class=\"uagb-ifb-content\"><div class=\"uagb-ifb-title-wrap\"><\/div><div class=\"uagb-ifb-button-wrapper wp-block-button\"><a href=\"https:\/\/joven-esperanza.de\/wp-content\/uploads\/2025\/04\/Vereinssatzung_Aenderung_beschlossen-28.01.2024.pdf\" class=\"uagb-infobox-cta-link wp-block-button__link\" target=\"_blank\" rel=\"noopener noreferrer\" onclick=\"return true;\" alt=\"\"><span class=\"uagb-inline-editing\">Zu unserer Satzung<\/span><svg xmlns=\"https:\/\/www.w3.org\/2000\/svg\" viewbox=\"0 0 576 512\"><path d=\"M144.3 32.04C106.9 31.29 63.7 41.44 18.6 61.29c-11.42 5.026-18.6 16.67-18.6 29.15l0 357.6c0 11.55 11.99 19.55 22.45 14.65c126.3-59.14 219.8 11 223.8 14.01C249.1 478.9 252.5 480 256 480c12.4 0 16-11.38 16-15.98V80.04c0-5.203-2.531-10.08-6.781-13.08C263.3 65.58 216.7 33.35 144.3 32.04zM557.4 61.29c-45.11-19.79-88.48-29.61-125.7-29.26c-72.44 1.312-118.1 33.55-120.9 34.92C306.5 69.96 304 74.83 304 80.04v383.1C304 468.4 307.5 480 320 480c3.484 0 6.938-1.125 9.781-3.328c3.925-3.018 97.44-73.16 223.8-14c10.46 4.896 22.45-3.105 22.45-14.65l.0001-357.6C575.1 77.97 568.8 66.31 557.4 61.29z\"><\/path><\/svg><\/a><\/div><\/div><\/div><\/div>\n<\/div><\/div>\n\n\n\n<div class=\"wp-block-uagb-container uagb-block-1448e09e alignfull uagb-is-root-container\">\n<div class=\"wp-block-uagb-info-box uagb-block-22502f6a uagb-infobox__content-wrap  uagb-infobox-icon-above-title uagb-infobox-image-valign-top\"><div class=\"uagb-ifb-content\"><div class=\"uagb-ifb-title-wrap\"><h2 class=\"uagb-ifb-title\">Ofrecer un futuro a los ni\u00f1os de Camiri<\/h2><\/div><p class=\"uagb-ifb-desc\">H\u00e1gase socio ahora: desde s\u00f3lo 2 euros al mes.<\/p><\/div><\/div>\n\n\n\n<div class=\"wp-block-uagb-buttons uagb-buttons__outer-wrap uagb-btn__default-btn uagb-btn-tablet__default-btn uagb-btn-mobile__default-btn uagb-block-5d4c505c\"><div class=\"uagb-buttons__wrap uagb-buttons-layout-wrap\">\n<div class=\"wp-block-uagb-buttons-child uagb-buttons__outer-wrap uagb-block-2d3f24da wp-block-button\"><div class=\"uagb-button__wrapper\"><a class=\"uagb-buttons-repeater wp-block-button__link\" aria-label=\"\" href=\"https:\/\/joven-esperanza.de\/es\/mitglied-werden\/\" rel=\"follow noopener\" target=\"_self\"><div class=\"uagb-button__link\">\u00a1H\u00e1gase socio!<\/div><\/a><\/div><\/div>\n\n\n\n<div class=\"wp-block-uagb-buttons-child uagb-buttons__outer-wrap uagb-block-91ff1859 wp-block-button\"><div class=\"uagb-button__wrapper\"><a class=\"uagb-buttons-repeater wp-block-button__link\" aria-label=\"\" href=\"https:\/\/joven-esperanza.de\/es\/mitmachen\/helfen-aus-deutschland\/\" rel=\"follow noopener\" target=\"_self\"><div class=\"uagb-button__link\">\u00a1Me gustar\u00eda donar!<\/div><\/a><\/div><\/div>\n<\/div><\/div>\n<\/div>","protected":false},"excerpt":{"rendered":"<p>Ein starkes Team &#8211; mit Vision Der deutsche F\u00f6rderverein Joven Esperanza e.V. (spanisch: \u201eJunge Hoffnung\u201c) unterst\u00fctzt die lokale Stiftung \u201eCrece y Sue\u00f1a\u201c (&#8222;Wachse und tr\u00e4ume&#8220;) in Camiri (Bolivien) zur F\u00f6rderung von Erziehung, Bildung und Jugendhilfe. Als gemeinn\u00fctziger Verein unterst\u00fctzt Joven Esperanza e.V. das Projekt sowohl ideell als auch finanziell bei der Erreichung seiner Ziele. Die [&hellip;]<\/p>","protected":false},"author":1,"featured_media":0,"parent":3645,"menu_order":1,"comment_status":"closed","ping_status":"closed","template":"","meta":{"_uag_custom_page_level_css":"","site-sidebar-layout":"default","site-content-layout":"","ast-site-content-layout":"default","site-content-style":"default","site-sidebar-style":"default","ast-global-header-display":"","ast-banner-title-visibility":"","ast-main-header-display":"","ast-hfb-above-header-display":"","ast-hfb-below-header-display":"","ast-hfb-mobile-header-display":"","site-post-title":"disabled","ast-breadcrumbs-content":"","ast-featured-img":"","footer-sml-layout":"","theme-transparent-header-meta":"","adv-header-id-meta":"","stick-header-meta":"","header-above-stick-meta":"","header-main-stick-meta":"","header-below-stick-meta":"","astra-migrate-meta-layouts":"set","ast-page-background-enabled":"default","ast-page-background-meta":{"desktop":{"background-color":"var(--ast-global-color-4)","background-image":"","background-repeat":"repeat","background-position":"center center","background-size":"auto","background-attachment":"scroll","background-type":"","background-media":"","overlay-type":"","overlay-color":"","overlay-gradient":""},"tablet":{"background-color":"","background-image":"","background-repeat":"repeat","background-position":"center center","background-size":"auto","background-attachment":"scroll","background-type":"","background-media":"","overlay-type":"","overlay-color":"","overlay-gradient":""},"mobile":{"background-color":"","background-image":"","background-repeat":"repeat","background-position":"center center","background-size":"auto","background-attachment":"scroll","background-type":"","background-media":"","overlay-type":"","overlay-color":"","overlay-gradient":""}},"ast-content-background-meta":{"desktop":{"background-color":"var(--ast-global-color-5)","background-image":"","background-repeat":"repeat","background-position":"center center","background-size":"auto","background-attachment":"scroll","background-type":"","background-media":"","overlay-type":"","overlay-color":"","overlay-gradient":""},"tablet":{"background-color":"var(--ast-global-color-5)","background-image":"","background-repeat":"repeat","background-position":"center center","background-size":"auto","background-attachment":"scroll","background-type":"","background-media":"","overlay-type":"","overlay-color":"","overlay-gradient":""},"mobile":{"background-color":"var(--ast-global-color-5)","background-image":"","background-repeat":"repeat","background-position":"center center","background-size":"auto","background-attachment":"scroll","background-type":"","background-media":"","overlay-type":"","overlay-color":"","overlay-gradient":""}},"footnotes":""},"class_list":["post-3168","page","type-page","status-publish","hentry"],"yoast_head":"<!-- This site is optimized with the Yoast SEO plugin v25.0 - https:\/\/yoast.com\/wordpress\/plugins\/seo\/ -->\n<title>Vorstellung - Joven Esperanza e.V.<\/title>\n<meta name=\"robots\" content=\"index, follow, max-snippet:-1, max-image-preview:large, max-video-preview:-1\" \/>\n<link rel=\"canonical\" href=\"https:\/\/joven-esperanza.de\/es\/ueber-uns\/vorstellung\/\" \/>\n<meta property=\"og:locale\" content=\"es_ES\" \/>\n<meta property=\"og:type\" content=\"article\" \/>\n<meta property=\"og:title\" content=\"Vorstellung - Joven Esperanza e.V.\" \/>\n<meta property=\"og:description\" content=\"Ein starkes Team &#8211; mit Vision Der deutsche F\u00f6rderverein Joven Esperanza e.V. (spanisch: \u201eJunge Hoffnung\u201c) unterst\u00fctzt die lokale Stiftung \u201eCrece y Sue\u00f1a\u201c (&#8222;Wachse und tr\u00e4ume&#8220;) in Camiri (Bolivien) zur F\u00f6rderung von Erziehung, Bildung und Jugendhilfe. Als gemeinn\u00fctziger Verein unterst\u00fctzt Joven Esperanza e.V. das Projekt sowohl ideell als auch finanziell bei der Erreichung seiner Ziele. Die [&hellip;]\" \/>\n<meta property=\"og:url\" content=\"https:\/\/joven-esperanza.de\/es\/ueber-uns\/vorstellung\/\" \/>\n<meta property=\"og:site_name\" content=\"Joven Esperanza e.V.\" \/>\n<meta property=\"article:publisher\" content=\"https:\/\/www.facebook.com\/JovenEsperanza\" \/>\n<meta property=\"article:modified_time\" content=\"2025-04-28T17:46:49+00:00\" \/>\n<meta property=\"og:image\" content=\"https:\/\/joven-esperanza.de\/wp-content\/uploads\/2024\/02\/bildung-1024x768.jpg\" \/>\n<meta name=\"twitter:card\" content=\"summary_large_image\" \/>\n<meta name=\"twitter:label1\" content=\"Est. reading time\" \/>\n\t<meta name=\"twitter:data1\" content=\"6 minutes\" \/>\n<script type=\"application\/ld+json\" class=\"yoast-schema-graph\">{\"@context\":\"https:\/\/schema.org\",\"@graph\":[{\"@type\":\"WebPage\",\"@id\":\"https:\/\/joven-esperanza.de\/ueber-uns\/vorstellung\/\",\"url\":\"https:\/\/joven-esperanza.de\/ueber-uns\/vorstellung\/\",\"name\":\"Vorstellung - Joven Esperanza e.V.\",\"isPartOf\":{\"@id\":\"https:\/\/joven-esperanza.de\/#website\"},\"primaryImageOfPage\":{\"@id\":\"https:\/\/joven-esperanza.de\/ueber-uns\/vorstellung\/#primaryimage\"},\"image\":{\"@id\":\"https:\/\/joven-esperanza.de\/ueber-uns\/vorstellung\/#primaryimage\"},\"thumbnailUrl\":\"https:\/\/joven-esperanza.de\/wp-content\/uploads\/2024\/02\/bildung-1024x768.jpg\",\"datePublished\":\"2024-02-06T08:52:56+00:00\",\"dateModified\":\"2025-04-28T17:46:49+00:00\",\"breadcrumb\":{\"@id\":\"https:\/\/joven-esperanza.de\/ueber-uns\/vorstellung\/#breadcrumb\"},\"inLanguage\":\"es-BO\",\"potentialAction\":[{\"@type\":\"ReadAction\",\"target\":[\"https:\/\/joven-esperanza.de\/ueber-uns\/vorstellung\/\"]}]},{\"@type\":\"ImageObject\",\"inLanguage\":\"es-BO\",\"@id\":\"https:\/\/joven-esperanza.de\/ueber-uns\/vorstellung\/#primaryimage\",\"url\":\"https:\/\/joven-esperanza.de\/wp-content\/uploads\/2024\/02\/bildung-1024x768.jpg\",\"contentUrl\":\"https:\/\/joven-esperanza.de\/wp-content\/uploads\/2024\/02\/bildung-1024x768.jpg\"},{\"@type\":\"BreadcrumbList\",\"@id\":\"https:\/\/joven-esperanza.de\/ueber-uns\/vorstellung\/#breadcrumb\",\"itemListElement\":[{\"@type\":\"ListItem\",\"position\":1,\"name\":\"Startseite\",\"item\":\"https:\/\/joven-esperanza.de\/\"},{\"@type\":\"ListItem\",\"position\":2,\"name\":\"\u00dcber Uns\",\"item\":\"https:\/\/joven-esperanza.de\/ueber-uns\/\"},{\"@type\":\"ListItem\",\"position\":3,\"name\":\"Vorstellung\"}]},{\"@type\":\"WebSite\",\"@id\":\"https:\/\/joven-esperanza.de\/#website\",\"url\":\"https:\/\/joven-esperanza.de\/\",\"name\":\"Joven Esperanza e.V.\",\"description\":\"Kindern in Camiri eine Zukunft bieten\",\"publisher\":{\"@id\":\"https:\/\/joven-esperanza.de\/#organization\"},\"potentialAction\":[{\"@type\":\"SearchAction\",\"target\":{\"@type\":\"EntryPoint\",\"urlTemplate\":\"https:\/\/joven-esperanza.de\/?s={search_term_string}\"},\"query-input\":{\"@type\":\"PropertyValueSpecification\",\"valueRequired\":true,\"valueName\":\"search_term_string\"}}],\"inLanguage\":\"es-BO\"},{\"@type\":\"Organization\",\"@id\":\"https:\/\/joven-esperanza.de\/#organization\",\"name\":\"Joven Esperanza e.V.\",\"url\":\"https:\/\/joven-esperanza.de\/\",\"logo\":{\"@type\":\"ImageObject\",\"inLanguage\":\"es-BO\",\"@id\":\"https:\/\/joven-esperanza.de\/#\/schema\/logo\/image\/\",\"url\":\"https:\/\/joven-esperanza.de\/wp-content\/uploads\/2024\/02\/joven-esperanza.png\",\"contentUrl\":\"https:\/\/joven-esperanza.de\/wp-content\/uploads\/2024\/02\/joven-esperanza.png\",\"width\":4738,\"height\":1324,\"caption\":\"Joven Esperanza e.V.\"},\"image\":{\"@id\":\"https:\/\/joven-esperanza.de\/#\/schema\/logo\/image\/\"},\"sameAs\":[\"https:\/\/www.facebook.com\/JovenEsperanza\",\"https:\/\/www.instagram.com\/joven_esperanza_ev\/\",\"https:\/\/www.linkedin.com\/company\/joven-esperanza-e.v.\/\",\"https:\/\/www.youtube.com\/@joven.esperanza\"]}]}<\/script>\n<!-- \/ Yoast SEO plugin. -->","yoast_head_json":{"title":"Vorstellung - Joven Esperanza e.V.","robots":{"index":"index","follow":"follow","max-snippet":"max-snippet:-1","max-image-preview":"max-image-preview:large","max-video-preview":"max-video-preview:-1"},"canonical":"https:\/\/joven-esperanza.de\/es\/ueber-uns\/vorstellung\/","og_locale":"es_ES","og_type":"article","og_title":"Vorstellung - Joven Esperanza e.V.","og_description":"Ein starkes Team &#8211; mit Vision Der deutsche F\u00f6rderverein Joven Esperanza e.V. (spanisch: \u201eJunge Hoffnung\u201c) unterst\u00fctzt die lokale Stiftung \u201eCrece y Sue\u00f1a\u201c (&#8222;Wachse und tr\u00e4ume&#8220;) in Camiri (Bolivien) zur F\u00f6rderung von Erziehung, Bildung und Jugendhilfe. Als gemeinn\u00fctziger Verein unterst\u00fctzt Joven Esperanza e.V. das Projekt sowohl ideell als auch finanziell bei der Erreichung seiner Ziele. Die [&hellip;]","og_url":"https:\/\/joven-esperanza.de\/es\/ueber-uns\/vorstellung\/","og_site_name":"Joven Esperanza e.V.","article_publisher":"https:\/\/www.facebook.com\/JovenEsperanza","article_modified_time":"2025-04-28T17:46:49+00:00","og_image":[{"url":"https:\/\/joven-esperanza.de\/wp-content\/uploads\/2024\/02\/bildung-1024x768.jpg","type":"","width":"","height":""}],"twitter_card":"summary_large_image","twitter_misc":{"Est. reading time":"6 minutes"},"schema":{"@context":"https:\/\/schema.org","@graph":[{"@type":"WebPage","@id":"https:\/\/joven-esperanza.de\/ueber-uns\/vorstellung\/","url":"https:\/\/joven-esperanza.de\/ueber-uns\/vorstellung\/","name":"Vorstellung - Joven Esperanza e.V.","isPartOf":{"@id":"https:\/\/joven-esperanza.de\/#website"},"primaryImageOfPage":{"@id":"https:\/\/joven-esperanza.de\/ueber-uns\/vorstellung\/#primaryimage"},"image":{"@id":"https:\/\/joven-esperanza.de\/ueber-uns\/vorstellung\/#primaryimage"},"thumbnailUrl":"https:\/\/joven-esperanza.de\/wp-content\/uploads\/2024\/02\/bildung-1024x768.jpg","datePublished":"2024-02-06T08:52:56+00:00","dateModified":"2025-04-28T17:46:49+00:00","breadcrumb":{"@id":"https:\/\/joven-esperanza.de\/ueber-uns\/vorstellung\/#breadcrumb"},"inLanguage":"es-BO","potentialAction":[{"@type":"ReadAction","target":["https:\/\/joven-esperanza.de\/ueber-uns\/vorstellung\/"]}]},{"@type":"ImageObject","inLanguage":"es-BO","@id":"https:\/\/joven-esperanza.de\/ueber-uns\/vorstellung\/#primaryimage","url":"https:\/\/joven-esperanza.de\/wp-content\/uploads\/2024\/02\/bildung-1024x768.jpg","contentUrl":"https:\/\/joven-esperanza.de\/wp-content\/uploads\/2024\/02\/bildung-1024x768.jpg"},{"@type":"BreadcrumbList","@id":"https:\/\/joven-esperanza.de\/ueber-uns\/vorstellung\/#breadcrumb","itemListElement":[{"@type":"ListItem","position":1,"name":"Startseite","item":"https:\/\/joven-esperanza.de\/"},{"@type":"ListItem","position":2,"name":"\u00dcber Uns","item":"https:\/\/joven-esperanza.de\/ueber-uns\/"},{"@type":"ListItem","position":3,"name":"Vorstellung"}]},{"@type":"WebSite","@id":"https:\/\/joven-esperanza.de\/#website","url":"https:\/\/joven-esperanza.de\/","name":"Joven Esperanza e.V.","description":"Kindern in Camiri eine Zukunft bieten","publisher":{"@id":"https:\/\/joven-esperanza.de\/#organization"},"potentialAction":[{"@type":"SearchAction","target":{"@type":"EntryPoint","urlTemplate":"https:\/\/joven-esperanza.de\/?s={search_term_string}"},"query-input":{"@type":"PropertyValueSpecification","valueRequired":true,"valueName":"search_term_string"}}],"inLanguage":"es-BO"},{"@type":"Organization","@id":"https:\/\/joven-esperanza.de\/#organization","name":"Joven Esperanza e.V.","url":"https:\/\/joven-esperanza.de\/","logo":{"@type":"ImageObject","inLanguage":"es-BO","@id":"https:\/\/joven-esperanza.de\/#\/schema\/logo\/image\/","url":"https:\/\/joven-esperanza.de\/wp-content\/uploads\/2024\/02\/joven-esperanza.png","contentUrl":"https:\/\/joven-esperanza.de\/wp-content\/uploads\/2024\/02\/joven-esperanza.png","width":4738,"height":1324,"caption":"Joven Esperanza e.V."},"image":{"@id":"https:\/\/joven-esperanza.de\/#\/schema\/logo\/image\/"},"sameAs":["https:\/\/www.facebook.com\/JovenEsperanza","https:\/\/www.instagram.com\/joven_esperanza_ev\/","https:\/\/www.linkedin.com\/company\/joven-esperanza-e.v.\/","https:\/\/www.youtube.com\/@joven.esperanza"]}]}},"uagb_featured_image_src":{"full":false,"thumbnail":false,"medium":false,"medium_large":false,"large":false,"1536x1536":false,"2048x2048":false,"trp-custom-language-flag":false},"uagb_author_info":{"display_name":"Joven Esperanza","author_link":"https:\/\/joven-esperanza.de\/es\/blog\/author\/admin\/"},"uagb_comment_info":0,"uagb_excerpt":"Ein starkes Team &#8211; mit Vision Der deutsche F\u00f6rderverein Joven Esperanza e.V. (spanisch: \u201eJunge Hoffnung\u201c) unterst\u00fctzt die lokale Stiftung \u201eCrece y Sue\u00f1a\u201c (&#8222;Wachse und tr\u00e4ume&#8220;) in Camiri (Bolivien) zur F\u00f6rderung von Erziehung, Bildung und Jugendhilfe. Als gemeinn\u00fctziger Verein unterst\u00fctzt Joven Esperanza e.V. das Projekt sowohl ideell als auch finanziell bei der Erreichung seiner Ziele. Die&hellip;","_links":{"self":[{"href":"https:\/\/joven-esperanza.de\/es\/wp-json\/wp\/v2\/pages\/3168","targetHints":{"allow":["GET"]}}],"collection":[{"href":"https:\/\/joven-esperanza.de\/es\/wp-json\/wp\/v2\/pages"}],"about":[{"href":"https:\/\/joven-esperanza.de\/es\/wp-json\/wp\/v2\/types\/page"}],"author":[{"embeddable":true,"href":"https:\/\/joven-esperanza.de\/es\/wp-json\/wp\/v2\/users\/1"}],"replies":[{"embeddable":true,"href":"https:\/\/joven-esperanza.de\/es\/wp-json\/wp\/v2\/comments?post=3168"}],"version-history":[{"count":104,"href":"https:\/\/joven-esperanza.de\/es\/wp-json\/wp\/v2\/pages\/3168\/revisions"}],"predecessor-version":[{"id":4394,"href":"https:\/\/joven-esperanza.de\/es\/wp-json\/wp\/v2\/pages\/3168\/revisions\/4394"}],"up":[{"embeddable":true,"href":"https:\/\/joven-esperanza.de\/es\/wp-json\/wp\/v2\/pages\/3645"}],"wp:attachment":[{"href":"https:\/\/joven-esperanza.de\/es\/wp-json\/wp\/v2\/media?parent=3168"}],"curies":[{"name":"wp","href":"https:\/\/api.w.org\/{rel}","templated":true}]}}